{"id":1561,"date":"2024-05-03T14:29:15","date_gmt":"2024-05-03T12:29:15","guid":{"rendered":"https:\/\/www.ltv-sachsen.de\/wanderundpilgerakademie\/?page_id=1561"},"modified":"2026-04-20T10:52:49","modified_gmt":"2026-04-20T08:52:49","slug":"angebote-fuer-unsere-absolventen","status":"publish","type":"page","link":"https:\/\/www.ltv-sachsen.de\/wanderundpilgerakademie\/vernetzung\/angebote-fuer-unsere-absolventen\/","title":{"rendered":"Angebote f\u00fcr unsere Absolventen"},"content":{"rendered":"<div class=\"wpb-content-wrapper\"><p>[vc_row ppi_row_padding=&#8220;ppi_remove_padding_top&#8220;][vc_column]<div class=\"stage-slider\"><div class=\"swiper-container\" data-swiper-id=\"69f3636b77b25\"><div class=\"swiper-wrapper\"><div class=\"swiper-slide\"><div class=\"stage-slider__overlay\"><\/div><div class=\"stage-slider__image\"><img loading=\"lazy\" decoding=\"async\" width=\"1920\" height=\"875\" src=\"https:\/\/www.ltv-sachsen.de\/wp-content\/uploads\/sites\/2\/2026\/01\/135387b9-12fc-40da-a7ba-14a1b43f9691.jpg\" class=\"attachment-ltv-sachsen-max size-ltv-sachsen-max\" alt=\"\" srcset=\"https:\/\/www.ltv-sachsen.de\/wp-content\/uploads\/sites\/2\/2026\/01\/135387b9-12fc-40da-a7ba-14a1b43f9691.jpg 1920w, https:\/\/www.ltv-sachsen.de\/wp-content\/uploads\/sites\/2\/2026\/01\/135387b9-12fc-40da-a7ba-14a1b43f9691-300x137.jpg 300w, https:\/\/www.ltv-sachsen.de\/wp-content\/uploads\/sites\/2\/2026\/01\/135387b9-12fc-40da-a7ba-14a1b43f9691-1024x467.jpg 1024w, https:\/\/www.ltv-sachsen.de\/wp-content\/uploads\/sites\/2\/2026\/01\/135387b9-12fc-40da-a7ba-14a1b43f9691-768x350.jpg 768w, https:\/\/www.ltv-sachsen.de\/wp-content\/uploads\/sites\/2\/2026\/01\/135387b9-12fc-40da-a7ba-14a1b43f9691-1200x547.jpg 1200w, https:\/\/www.ltv-sachsen.de\/wp-content\/uploads\/sites\/2\/2026\/01\/135387b9-12fc-40da-a7ba-14a1b43f9691-992x452.jpg 992w, https:\/\/www.ltv-sachsen.de\/wp-content\/uploads\/sites\/2\/2026\/01\/135387b9-12fc-40da-a7ba-14a1b43f9691-480x219.jpg 480w\" sizes=\"auto, (max-width: 1920px) 100vw, 1920px\" \/><\/div><div class=\"stage-slider__description\"><div class=\"stage-slider__description__inner\"><span class=\"stage-slider__description__headline\">Angebote f\u00fcr unsere Absolventinnen und Absolventen<\/span><\/div><\/div><\/div><\/div><\/div><div class=\"stage-slider__shape\"><img decoding=\"async\" src=\"https:\/\/www.ltv-sachsen.de\/wp-content\/themes\/ltv-sachsen\/build\/img\/shape4.svg\" alt=\"Shape\"><\/div><div class=\"swiper-pagination swiper-pagination-stage-slider swiper-pagination-69f3636b77b25\"><\/div><\/div>[vc_column_text css=&#8220;&#8220;]<\/p>\n<p style=\"font-weight: 400\">Sie sind Absolventin oder Absolvent einer unserer Ausbildungen? Wir m\u00f6chten Sie gern weiterhin unterst\u00fctzen. Unsere j\u00e4hrlichen Fortbildungsangebote bieten Ihnen die M\u00f6glichkeit, Ihr Wissen zu erweitern, neue Aspekte kennenzulernen und in Kontakt mit anderen Absolventinnen und Absolventen zu bleiben.<\/p>\n<p><strong>Unsere Kursangebote f\u00fcr 2026:<\/strong><\/p>\n<p>15.08.2026 &#8222;Lebensr\u00e4ume Waldwiese und Heide&#8220; &#8211; Fortbildung f\u00fcr ausgebildete Wanderf\u00fchrer<br \/>\n<a href=\"https:\/\/www.eeb-sachsen.de\/forbildung-f%C3%BCr-ausgebildete-wanderf%C3%BChrer.html\" target=\"_blank\" rel=\"noopener\">Weitere Informationen und Anmeldung<\/a><\/p>\n<p>04. &#8211; 06.09.2026 \u201eKeltische Spiritualit\u00e4t und ihre Relevanz f\u00fcr heute&#8220; &#8211; Fortbildung f\u00fcr ausgebildete Pilgerbegleiter<br \/>\n<a href=\"https:\/\/www.eeb-sachsen.de\/fortbildung-f%C3%BCr-ausgebildete-pilgerbegleiter.html\" target=\"_blank\" rel=\"noopener\">Weitere Informationen und Anmeldung<\/a>[\/vc_column_text][\/vc_column][\/vc_row][vc_row ppi_row_padding=&#8220;ppi_remove_padding_top&#8220; disable_element=&#8220;yes&#8220;][vc_column]<div class=\"ltv-element ltv-events\"><div class=\"ppi_row\"><div class=\"ppi_col-md-5\"><div class=\"ltv-events__image\"><img loading=\"lazy\" decoding=\"async\" width=\"1024\" height=\"683\" src=\"https:\/\/www.ltv-sachsen.de\/wp-content\/uploads\/sites\/2\/2022\/06\/MG_6603-min.jpg\" class=\"attachment-ltv-sachsen-lg size-ltv-sachsen-lg\" alt=\"\" srcset=\"https:\/\/www.ltv-sachsen.de\/wp-content\/uploads\/sites\/2\/2022\/06\/MG_6603-min.jpg 1024w, https:\/\/www.ltv-sachsen.de\/wp-content\/uploads\/sites\/2\/2022\/06\/MG_6603-min-300x200.jpg 300w, https:\/\/www.ltv-sachsen.de\/wp-content\/uploads\/sites\/2\/2022\/06\/MG_6603-min-768x512.jpg 768w, https:\/\/www.ltv-sachsen.de\/wp-content\/uploads\/sites\/2\/2022\/06\/MG_6603-min-992x662.jpg 992w, https:\/\/www.ltv-sachsen.de\/wp-content\/uploads\/sites\/2\/2022\/06\/MG_6603-min-480x320.jpg 480w\" sizes=\"auto, (max-width: 1024px) 100vw, 1024px\" \/><\/div><a class=\"ltv-events__cta button show-for-md\" href=\"https:\/\/www.ltv-sachsen.de\/wanderundpilgerakademie\/aktuelles\/termine\/\" target=\"_self\" title=\"Alle Termine\">Alle Termine<\/a><\/div><div class=\"ppi_col-md-7\"><div class=\"ltv-events__items\"><a href=\"https:\/\/www.ltv-sachsen.de\/wanderundpilgerakademie\/aktuelles\/termine\/fortbildung-fuer-ausgebildete-wanderfuehrer\/\" class=\"ltv-events__item\"><div class=\"ltv-events__item__date\">15.08.2026<\/div><h4 class=\"ltv-events__item__title\">&#8222;Lebensr\u00e4ume Waldwiese und Heide&#8220; &#8211; Fortbildung f\u00fcr ausgebildete Wanderf\u00fchrer<\/h4><\/a><a href=\"https:\/\/www.ltv-sachsen.de\/wanderundpilgerakademie\/aktuelles\/termine\/fortbildung-fuer-ausgebildete-pilgerbegleiter\/\" class=\"ltv-events__item\"><div class=\"ltv-events__item__date\">04.09.2026<\/div><h4 class=\"ltv-events__item__title\">\u201eKeltische Spiritualit\u00e4t und ihre Relevanz f\u00fcr heute\u201c &#8211; Fortbildung f\u00fcr ausgebildete Pilgerbegleiter<\/h4><\/a><a href=\"https:\/\/www.ltv-sachsen.de\/wanderundpilgerakademie\/aktuelles\/termine\/werkstatt-tag-die-zukunft-an-den-wander-und-pilgerwegen-in-sachsen-gestalten\/\" class=\"ltv-events__item\"><div class=\"ltv-events__item__date\">19.09.2026<\/div><h4 class=\"ltv-events__item__title\">Werkstatt-Tag &#8211; Die Zukunft an den Wander- und Pilgerwegen in Sachsen gestalten<\/h4><\/a><\/div><a class=\"ltv-events__cta button hide-for-md\" href=\"https:\/\/www.ltv-sachsen.de\/wanderundpilgerakademie\/aktuelles\/termine\/\" target=\"_self\" title=\"Alle Termine\">Alle Termine<\/a><\/div><\/div><\/div>[\/vc_column][\/vc_row][vc_row][vc_column][\/vc_column][\/vc_row][vc_row][vc_column][\/vc_column][\/vc_row]<\/p>\n<\/div>","protected":false},"excerpt":{"rendered":"<p>[vc_row ppi_row_padding=&#8220;ppi_remove_padding_top&#8220;][vc_column][vc_column_text css=&#8220;&#8220;] Sie sind Absolventin oder Absolvent einer unserer Ausbildungen? Wir m\u00f6chten Sie gern weiterhin unterst\u00fctzen. Unsere j\u00e4hrlichen Fortbildungsangebote bieten Ihnen die M\u00f6glichkeit, Ihr Wissen zu erweitern, neue Aspekte kennenzulernen und in Kontakt mit anderen Absolventinnen und Absolventen zu bleiben. Unsere Kursangebote f\u00fcr 2026: 15.08.2026 &#8222;Lebensr\u00e4ume Waldwiese und Heide&#8220; &#8211; Fortbildung f\u00fcr ausgebildete Wanderf\u00fchrer [&hellip;]<\/p>\n","protected":false},"author":5,"featured_media":0,"parent":14,"menu_order":1,"comment_status":"closed","ping_status":"closed","template":"","meta":{"_acf_changed":false,"inline_featured_image":false,"footnotes":""},"class_list":["post-1561","page","type-page","status-publish","hentry"],"acf":[],"yoast_head":"<!-- This site is optimized with the Yoast SEO plugin v26.4 - https:\/\/yoast.com\/wordpress\/plugins\/seo\/ -->\n<title>Angebote f\u00fcr unsere Absolventen - Wander- und Pilgerakademie<\/title>\n<meta name=\"robots\" content=\"index, follow, max-snippet:-1, max-image-preview:large, max-video-preview:-1\" \/>\n<link rel=\"canonical\" href=\"https:\/\/www.ltv-sachsen.de\/wanderundpilgerakademie\/vernetzung\/angebote-fuer-unsere-absolventen\/\" \/>\n<meta property=\"og:locale\" content=\"de_DE\" \/>\n<meta property=\"og:type\" content=\"article\" \/>\n<meta property=\"og:title\" content=\"Angebote f\u00fcr unsere Absolventen - Wander- und Pilgerakademie\" \/>\n<meta property=\"og:description\" content=\"[vc_row ppi_row_padding=&#8220;ppi_remove_padding_top&#8220;][vc_column][vc_column_text css=&#8220;&#8220;] Sie sind Absolventin oder Absolvent einer unserer Ausbildungen? Wir m\u00f6chten Sie gern weiterhin unterst\u00fctzen. Unsere j\u00e4hrlichen Fortbildungsangebote bieten Ihnen die M\u00f6glichkeit, Ihr Wissen zu erweitern, neue Aspekte kennenzulernen und in Kontakt mit anderen Absolventinnen und Absolventen zu bleiben. Unsere Kursangebote f\u00fcr 2026: 15.08.2026 &#8222;Lebensr\u00e4ume Waldwiese und Heide&#8220; &#8211; Fortbildung f\u00fcr ausgebildete Wanderf\u00fchrer [&hellip;]\" \/>\n<meta property=\"og:url\" content=\"https:\/\/www.ltv-sachsen.de\/wanderundpilgerakademie\/vernetzung\/angebote-fuer-unsere-absolventen\/\" \/>\n<meta property=\"og:site_name\" content=\"Wander- und Pilgerakademie\" \/>\n<meta property=\"article:modified_time\" content=\"2026-04-20T08:52:49+00:00\" \/>\n<meta name=\"twitter:card\" content=\"summary_large_image\" \/>\n<meta name=\"twitter:label1\" content=\"Gesch\u00e4tzte Lesezeit\" \/>\n\t<meta name=\"twitter:data1\" content=\"1\u00a0Minute\" \/>\n<script type=\"application\/ld+json\" class=\"yoast-schema-graph\">{\"@context\":\"https:\/\/schema.org\",\"@graph\":[{\"@type\":\"WebPage\",\"@id\":\"https:\/\/www.ltv-sachsen.de\/wanderundpilgerakademie\/vernetzung\/angebote-fuer-unsere-absolventen\/\",\"url\":\"https:\/\/www.ltv-sachsen.de\/wanderundpilgerakademie\/vernetzung\/angebote-fuer-unsere-absolventen\/\",\"name\":\"Angebote f\u00fcr unsere Absolventen - Wander- und Pilgerakademie\",\"isPartOf\":{\"@id\":\"https:\/\/www.ltv-sachsen.de\/wanderundpilgerakademie\/#website\"},\"datePublished\":\"2024-05-03T12:29:15+00:00\",\"dateModified\":\"2026-04-20T08:52:49+00:00\",\"breadcrumb\":{\"@id\":\"https:\/\/www.ltv-sachsen.de\/wanderundpilgerakademie\/vernetzung\/angebote-fuer-unsere-absolventen\/#breadcrumb\"},\"inLanguage\":\"de\",\"potentialAction\":[{\"@type\":\"ReadAction\",\"target\":[\"https:\/\/www.ltv-sachsen.de\/wanderundpilgerakademie\/vernetzung\/angebote-fuer-unsere-absolventen\/\"]}]},{\"@type\":\"BreadcrumbList\",\"@id\":\"https:\/\/www.ltv-sachsen.de\/wanderundpilgerakademie\/vernetzung\/angebote-fuer-unsere-absolventen\/#breadcrumb\",\"itemListElement\":[{\"@type\":\"ListItem\",\"position\":1,\"name\":\"Home\",\"item\":\"https:\/\/www.ltv-sachsen.de\/wanderundpilgerakademie\/\"},{\"@type\":\"ListItem\",\"position\":2,\"name\":\"Vernetzung\",\"item\":\"https:\/\/www.ltv-sachsen.de\/wanderundpilgerakademie\/vernetzung\/\"},{\"@type\":\"ListItem\",\"position\":3,\"name\":\"Angebote f\u00fcr unsere Absolventen\"}]},{\"@type\":\"WebSite\",\"@id\":\"https:\/\/www.ltv-sachsen.de\/wanderundpilgerakademie\/#website\",\"url\":\"https:\/\/www.ltv-sachsen.de\/wanderundpilgerakademie\/\",\"name\":\"Wander- und Pilgerakademie\",\"description\":\"Allgemeine Infos zur Wander- und Pilgerakademie\",\"potentialAction\":[{\"@type\":\"SearchAction\",\"target\":{\"@type\":\"EntryPoint\",\"urlTemplate\":\"https:\/\/www.ltv-sachsen.de\/wanderundpilgerakademie\/?s={search_term_string}\"},\"query-input\":{\"@type\":\"PropertyValueSpecification\",\"valueRequired\":true,\"valueName\":\"search_term_string\"}}],\"inLanguage\":\"de\"}]}<\/script>\n<!-- \/ Yoast SEO plugin. -->","yoast_head_json":{"title":"Angebote f\u00fcr unsere Absolventen - Wander- und Pilgerakademie","robots":{"index":"index","follow":"follow","max-snippet":"max-snippet:-1","max-image-preview":"max-image-preview:large","max-video-preview":"max-video-preview:-1"},"canonical":"https:\/\/www.ltv-sachsen.de\/wanderundpilgerakademie\/vernetzung\/angebote-fuer-unsere-absolventen\/","og_locale":"de_DE","og_type":"article","og_title":"Angebote f\u00fcr unsere Absolventen - Wander- und Pilgerakademie","og_description":"[vc_row ppi_row_padding=&#8220;ppi_remove_padding_top&#8220;][vc_column][vc_column_text css=&#8220;&#8220;] Sie sind Absolventin oder Absolvent einer unserer Ausbildungen? Wir m\u00f6chten Sie gern weiterhin unterst\u00fctzen. Unsere j\u00e4hrlichen Fortbildungsangebote bieten Ihnen die M\u00f6glichkeit, Ihr Wissen zu erweitern, neue Aspekte kennenzulernen und in Kontakt mit anderen Absolventinnen und Absolventen zu bleiben. Unsere Kursangebote f\u00fcr 2026: 15.08.2026 &#8222;Lebensr\u00e4ume Waldwiese und Heide&#8220; &#8211; Fortbildung f\u00fcr ausgebildete Wanderf\u00fchrer [&hellip;]","og_url":"https:\/\/www.ltv-sachsen.de\/wanderundpilgerakademie\/vernetzung\/angebote-fuer-unsere-absolventen\/","og_site_name":"Wander- und Pilgerakademie","article_modified_time":"2026-04-20T08:52:49+00:00","twitter_card":"summary_large_image","twitter_misc":{"Gesch\u00e4tzte Lesezeit":"1\u00a0Minute"},"schema":{"@context":"https:\/\/schema.org","@graph":[{"@type":"WebPage","@id":"https:\/\/www.ltv-sachsen.de\/wanderundpilgerakademie\/vernetzung\/angebote-fuer-unsere-absolventen\/","url":"https:\/\/www.ltv-sachsen.de\/wanderundpilgerakademie\/vernetzung\/angebote-fuer-unsere-absolventen\/","name":"Angebote f\u00fcr unsere Absolventen - Wander- und Pilgerakademie","isPartOf":{"@id":"https:\/\/www.ltv-sachsen.de\/wanderundpilgerakademie\/#website"},"datePublished":"2024-05-03T12:29:15+00:00","dateModified":"2026-04-20T08:52:49+00:00","breadcrumb":{"@id":"https:\/\/www.ltv-sachsen.de\/wanderundpilgerakademie\/vernetzung\/angebote-fuer-unsere-absolventen\/#breadcrumb"},"inLanguage":"de","potentialAction":[{"@type":"ReadAction","target":["https:\/\/www.ltv-sachsen.de\/wanderundpilgerakademie\/vernetzung\/angebote-fuer-unsere-absolventen\/"]}]},{"@type":"BreadcrumbList","@id":"https:\/\/www.ltv-sachsen.de\/wanderundpilgerakademie\/vernetzung\/angebote-fuer-unsere-absolventen\/#breadcrumb","itemListElement":[{"@type":"ListItem","position":1,"name":"Home","item":"https:\/\/www.ltv-sachsen.de\/wanderundpilgerakademie\/"},{"@type":"ListItem","position":2,"name":"Vernetzung","item":"https:\/\/www.ltv-sachsen.de\/wanderundpilgerakademie\/vernetzung\/"},{"@type":"ListItem","position":3,"name":"Angebote f\u00fcr unsere Absolventen"}]},{"@type":"WebSite","@id":"https:\/\/www.ltv-sachsen.de\/wanderundpilgerakademie\/#website","url":"https:\/\/www.ltv-sachsen.de\/wanderundpilgerakademie\/","name":"Wander- und Pilgerakademie","description":"Allgemeine Infos zur Wander- und Pilgerakademie","potentialAction":[{"@type":"SearchAction","target":{"@type":"EntryPoint","urlTemplate":"https:\/\/www.ltv-sachsen.de\/wanderundpilgerakademie\/?s={search_term_string}"},"query-input":{"@type":"PropertyValueSpecification","valueRequired":true,"valueName":"search_term_string"}}],"inLanguage":"de"}]}},"_links":{"self":[{"href":"https:\/\/www.ltv-sachsen.de\/wanderundpilgerakademie\/wp-json\/wp\/v2\/pages\/1561","targetHints":{"allow":["GET"]}}],"collection":[{"href":"https:\/\/www.ltv-sachsen.de\/wanderundpilgerakademie\/wp-json\/wp\/v2\/pages"}],"about":[{"href":"https:\/\/www.ltv-sachsen.de\/wanderundpilgerakademie\/wp-json\/wp\/v2\/types\/page"}],"author":[{"embeddable":true,"href":"https:\/\/www.ltv-sachsen.de\/wanderundpilgerakademie\/wp-json\/wp\/v2\/users\/5"}],"replies":[{"embeddable":true,"href":"https:\/\/www.ltv-sachsen.de\/wanderundpilgerakademie\/wp-json\/wp\/v2\/comments?post=1561"}],"version-history":[{"count":63,"href":"https:\/\/www.ltv-sachsen.de\/wanderundpilgerakademie\/wp-json\/wp\/v2\/pages\/1561\/revisions"}],"predecessor-version":[{"id":3280,"href":"https:\/\/www.ltv-sachsen.de\/wanderundpilgerakademie\/wp-json\/wp\/v2\/pages\/1561\/revisions\/3280"}],"up":[{"embeddable":true,"href":"https:\/\/www.ltv-sachsen.de\/wanderundpilgerakademie\/wp-json\/wp\/v2\/pages\/14"}],"wp:attachment":[{"href":"https:\/\/www.ltv-sachsen.de\/wanderundpilgerakademie\/wp-json\/wp\/v2\/media?parent=1561"}],"curies":[{"name":"wp","href":"https:\/\/api.w.org\/{rel}","templated":true}]}}